{"id":435,"date":"2007-01-01T19:16:02","date_gmt":"2007-01-01T17:16:02","guid":{"rendered":"http:\/\/www.animer.ch\/?page_id=435"},"modified":"2020-03-17T22:40:18","modified_gmt":"2020-03-17T20:40:18","slug":"abbb","status":"publish","type":"page","link":"https:\/\/www.animer.ch\/","title":{"rendered":"Accueil"},"content":{"rendered":"<p>[et_pb_section fb_built=\u00a0\u00bb1&Prime; _builder_version=\u00a0\u00bb4.3.2&Prime;][et_pb_row _builder_version=\u00a0\u00bb4.3.2&Prime; custom_margin=\u00a0\u00bb-45px||||false|false\u00a0\u00bb][et_pb_column type=\u00a0\u00bb4_4&Prime; _builder_version=\u00a0\u00bb4.3.2&Prime;][et_pb_image src=\u00a0\u00bbhttp:\/\/www.animer.ch\/wp-content\/uploads\/accueil-600-titre.jpg\u00a0\u00bb _builder_version=\u00a0\u00bb4.3.2&Prime;][\/et_pb_image][\/et_pb_column][\/et_pb_row][et_pb_row _builder_version=\u00a0\u00bb4.3.2&Prime;][et_pb_column type=\u00a0\u00bb4_4&Prime; _builder_version=\u00a0\u00bb4.3.2&Prime;][et_pb_text _builder_version=\u00a0\u00bb4.3.2&Prime; text_font_size=\u00a0\u00bb15px\u00a0\u00bb]<\/p>\n<p style=\"text-align: center;\">Ce site est d\u00e9di\u00e9 au partage de rep\u00e8res et de m\u00e9thodes pratiques pour l\u2019animation de groupe ou d&rsquo;\u00e9quipe et le d\u00e9veloppement de la coop\u00e9ration.<\/p>\n<p style=\"text-align: justify;\">[\/et_pb_text][\/et_pb_column][\/et_pb_row][et_pb_row column_structure=\u00a0\u00bb1_3,1_3,1_3&Prime; _builder_version=\u00a0\u00bb4.3.2&Prime;][et_pb_column type=\u00a0\u00bb1_3&Prime; _builder_version=\u00a0\u00bb4.3.2&Prime;][et_pb_image src=\u00a0\u00bbhttp:\/\/www.animer.ch\/wp-content\/uploads\/reperes-processus-500-titre-300&#215;117.jpg\u00a0\u00bb url=\u00a0\u00bbhttp:\/\/www.animer.ch\/?page_id=1123&Prime; align=\u00a0\u00bbcenter\u00a0\u00bb _builder_version=\u00a0\u00bb4.3.2&Prime;][\/et_pb_image][\/et_pb_column][et_pb_column type=\u00a0\u00bb1_3&Prime; _builder_version=\u00a0\u00bb4.3.2&Prime;][et_pb_image src=\u00a0\u00bbhttp:\/\/www.animer.ch\/wp-content\/uploads\/methodes-outils-500-titre-300&#215;117.jpg\u00a0\u00bb url=\u00a0\u00bbhttp:\/\/www.animer.ch\/?page_id=1080&Prime; align=\u00a0\u00bbcenter\u00a0\u00bb _builder_version=\u00a0\u00bb4.3.2&Prime;][\/et_pb_image][\/et_pb_column][et_pb_column type=\u00a0\u00bb1_3&Prime; _builder_version=\u00a0\u00bb4.3.2&Prime;][et_pb_image src=\u00a0\u00bbhttp:\/\/www.animer.ch\/wp-content\/uploads\/autres-ressources-500-titre-300&#215;117.jpg\u00a0\u00bb url=\u00a0\u00bbhttp:\/\/www.animer.ch\/?page_id=1295&Prime; align=\u00a0\u00bbcenter\u00a0\u00bb _builder_version=\u00a0\u00bb4.3.2&Prime;][\/et_pb_image][\/et_pb_column][\/et_pb_row][et_pb_row column_structure=\u00a0\u00bb1_2,1_2&Prime; _builder_version=\u00a0\u00bb4.3.2&Prime; custom_margin=\u00a0\u00bb20px||20px||true|false\u00a0\u00bb][et_pb_column type=\u00a0\u00bb1_2&Prime; _builder_version=\u00a0\u00bb4.3.2&Prime;][et_pb_text _builder_version=\u00a0\u00bb4.3.2&Prime; text_font_size=\u00a0\u00bb15px\u00a0\u00bb]<\/p>\n<p style=\"text-align: center;\">Pour un aper\u00e7u de l\u2019ensemble du site,<br \/>cliquez sur <a href=\"http:\/\/www.animer.ch\/?page_id=17\">Carte du site<\/a>.<\/p>\n<p style=\"text-align: center;\">Les pages sont class\u00e9es par cat\u00e9gorie<br \/>puis par ordre chronologique<br \/>(de la plus r\u00e9cente \u00e0 la plus ancienne).<\/p>\n<p style=\"text-align: justify;\">[\/et_pb_text][et_pb_image src=\u00a0\u00bbhttp:\/\/www.animer.ch\/wp-content\/uploads\/carte-du-site-500-titre-300&#215;117.jpg\u00a0\u00bb url=\u00a0\u00bbhttp:\/\/www.animer.ch\/?page_id=17&Prime; align=\u00a0\u00bbcenter\u00a0\u00bb _builder_version=\u00a0\u00bb4.3.2&Prime;][\/et_pb_image][\/et_pb_column][et_pb_column type=\u00a0\u00bb1_2&Prime; _builder_version=\u00a0\u00bb4.3.2&Prime;][et_pb_text _builder_version=\u00a0\u00bb4.3.2&Prime; text_font_size=\u00a0\u00bb15px\u00a0\u00bb]<\/p>\n<p style=\"text-align: center;\">Pour \u00eatre tenu-e au courant des nouveaut\u00e9s ou<br \/>transmettre vos suggestions, utilisez la page <a href=\"http:\/\/www.animer.ch\/?page_id=35\">Contact<\/a>.<\/p>\n<p style=\"text-align: center;\">Vous pouvez partager vos commentaires en cliquant<br \/>sur le lien \u00ab\u00a0commentaire\u00a0\u00bb de chaque page-article.<br \/><span style=\"color: #ffffff;\">.<\/span><\/p>\n<p style=\"text-align: center;\">[\/et_pb_text][et_pb_image src=\u00a0\u00bbhttp:\/\/www.animer.ch\/wp-content\/uploads\/contact-500-titre-300&#215;117.jpg\u00a0\u00bb url=\u00a0\u00bbhttp:\/\/www.animer.ch\/?page_id=35&Prime; align=\u00a0\u00bbcenter\u00a0\u00bb _builder_version=\u00a0\u00bb4.3.2&Prime;][\/et_pb_image][\/et_pb_column][\/et_pb_row][et_pb_row column_structure=\u00a0\u00bb1_5,3_5,1_5&Prime; _builder_version=\u00a0\u00bb4.3.2&Prime;][et_pb_column type=\u00a0\u00bb1_5&Prime; _builder_version=\u00a0\u00bb4.3.2&Prime;][\/et_pb_column][et_pb_column type=\u00a0\u00bb3_5&Prime; _builder_version=\u00a0\u00bb4.3.2&Prime;][et_pb_text _builder_version=\u00a0\u00bb4.3.2&Prime; text_font_size=\u00a0\u00bb15px\u00a0\u00bb]<\/p>\n<p style=\"text-align: center;\">Pour d\u00e9couvrir les <a href=\"http:\/\/www.animer.ch\/?page_id=53\">formations-actions<\/a> que nous proposons dans les domaines de l&rsquo;animation de groupe, de la coop\u00e9ration, du coaching, de l&rsquo;analyse de pratique&#8230;<\/p>\n<p style=\"text-align: justify;\">[\/et_pb_text][et_pb_image src=\u00a0\u00bbhttp:\/\/www.animer.ch\/wp-content\/uploads\/formations-500-ac-titre-300&#215;117.jpg\u00a0\u00bb url=\u00a0\u00bbhttp:\/\/www.animer.ch\/?page_id=53&Prime; align=\u00a0\u00bbcenter\u00a0\u00bb _builder_version=\u00a0\u00bb4.3.2&Prime; hover_enabled=\u00a0\u00bb0&Prime;][\/et_pb_image][\/et_pb_column][et_pb_column type=\u00a0\u00bb1_5&Prime; _builder_version=\u00a0\u00bb4.3.2&Prime;][\/et_pb_column][\/et_pb_row][et_pb_row _builder_version=\u00a0\u00bb4.3.2&Prime;][et_pb_column type=\u00a0\u00bb4_4&Prime; _builder_version=\u00a0\u00bb4.3.2&Prime;][et_pb_text _builder_version=\u00a0\u00bb4.3.2&Prime; text_font_size=\u00a0\u00bb15px\u00a0\u00bb]<\/p>\n<p style=\"text-align: justify;\">\n<p style=\"text-align: center;\">Bonne lecture !<br \/><span style=\"color: #ffffff;\">.<\/span><\/p>\n<p style=\"text-align: center;\">Marc Thi\u00e9baud<br \/><span style=\"color: #ffffff;\">..<\/span><br \/>en collaboration avec J\u00fcrg Bichsel<\/p>\n<p>[\/et_pb_text][\/et_pb_column][\/et_pb_row][\/et_pb_section]<\/p>\n","protected":false},"excerpt":{"rendered":"<p>[et_pb_section fb_built=\u00a0\u00bb1&Prime; _builder_version=\u00a0\u00bb4.3.2&Prime;][et_pb_row _builder_version=\u00a0\u00bb4.3.2&Prime; custom_margin=\u00a0\u00bb-45px||||false|false\u00a0\u00bb][et_pb_column type=\u00a0\u00bb4_4&Prime; _builder_version=\u00a0\u00bb4.3.2&Prime;][et_pb_image src=\u00a0\u00bbhttp:\/\/www.animer.ch\/wp-content\/uploads\/accueil-600-titre.jpg\u00a0\u00bb _builder_version=\u00a0\u00bb4.3.2&Prime;][\/et_pb_image][\/et_pb_column][\/et_pb_row][et_pb_row _builder_version=\u00a0\u00bb4.3.2&Prime;][et_pb_column type=\u00a0\u00bb4_4&Prime; _builder_version=\u00a0\u00bb4.3.2&Prime;][et_pb_text _builder_version=\u00a0\u00bb4.3.2&Prime; text_font_size=\u00a0\u00bb15px\u00a0\u00bb] Ce site est d\u00e9di\u00e9 au partage de rep\u00e8res et de m\u00e9thodes pratiques pour l\u2019animation de groupe ou d&rsquo;\u00e9quipe et le d\u00e9veloppement de la coop\u00e9ration. [\/et_pb_text][\/et_pb_column][\/et_pb_row][et_pb_row column_structure=\u00a0\u00bb1_3,1_3,1_3&Prime; _builder_version=\u00a0\u00bb4.3.2&Prime;][et_pb_column type=\u00a0\u00bb1_3&Prime; _builder_version=\u00a0\u00bb4.3.2&Prime;][et_pb_image src=\u00a0\u00bbhttp:\/\/www.animer.ch\/wp-content\/uploads\/reperes-processus-500-titre-300&#215;117.jpg\u00a0\u00bb url=\u00a0\u00bbhttp:\/\/www.animer.ch\/?page_id=1123&Prime; align=\u00a0\u00bbcenter\u00a0\u00bb _builder_version=\u00a0\u00bb4.3.2&Prime;][\/et_pb_image][\/et_pb_column][et_pb_column type=\u00a0\u00bb1_3&Prime; _builder_version=\u00a0\u00bb4.3.2&Prime;][et_pb_image src=\u00a0\u00bbhttp:\/\/www.animer.ch\/wp-content\/uploads\/methodes-outils-500-titre-300&#215;117.jpg\u00a0\u00bb url=\u00a0\u00bbhttp:\/\/www.animer.ch\/?page_id=1080&Prime; align=\u00a0\u00bbcenter\u00a0\u00bb _builder_version=\u00a0\u00bb4.3.2&Prime;][\/et_pb_image][\/et_pb_column][et_pb_column type=\u00a0\u00bb1_3&Prime; _builder_version=\u00a0\u00bb4.3.2&Prime;][et_pb_image [&hellip;]<\/p>\n","protected":false},"author":1,"featured_media":0,"parent":0,"menu_order":0,"comment_status":"open","ping_status":"closed","template":"","meta":{"_et_pb_use_builder":"on","_et_pb_old_content":"<h5><a title=\"entry070227-234606\" name=\"entry070227-234606\"><\/a><br \/>Ce site est d\u00e9di\u00e9 au partage de rep\u00e8res et de m\u00e9thodes pratiques pour l'animation de groupe et le d\u00e9veloppement de la coop\u00e9ration dans les \u00e9quipes.<\/h5><h5>\u00a0<\/h5><h5><a title=\"entry070227-234606\" name=\"entry070227-234606\"><\/a><br \/>Ce site est r\u00e9guli\u00e8rement mis \u00e0 jour.<\/h5><h5>Pour un aper\u00e7u de l'ensemble du site, cliquer sur <a href=\"?page_id=17\">Carte du site<\/a>.<br \/>Les pages y apparaissent class\u00e9es par cat\u00e9gorie puis par ordre chronologique<br \/>(de la plus r\u00e9cente \u00e0 la plus ancienne).<\/h5><h5>Vous pouvez partager vos commentaires en cliquant sur le lien \"commentaire\" de chaque page-article.<\/h5><h5>Pour \u00eatre tenu-e au courant des nouveaut\u00e9s ou partager vos suggestions, utiliser la page <a href=\"?page_id=35\">Contact<\/a>.<\/h5><h5>Vous pouvez \u00e9galement vous abonner aux flux RSS : <a href=\"?feed=rss2\">Articles (RSS)<\/a> et <a href=\"?feed=comments-rss2\">Commentaires (RSS)<\/a>.<\/h5><h5><a title=\"entry070227-234606\" name=\"entry070227-234606\"><\/a><br \/>Bonne lecture !<\/h5><h5><span style=\"color: #ffffff;\">.<\/span><\/h5><h5>Marc Thi\u00e9baud, en collaboration avec J\u00fcrg Bichsel<\/h5><h5>\u00a0<\/h5><p>\u00a0<\/p><p>\u00a0<\/p>","_et_gb_content_width":"","jetpack_post_was_ever_published":false,"footnotes":""},"class_list":["post-435","page","type-page","status-publish","hentry"],"jetpack_sharing_enabled":true,"_links":{"self":[{"href":"https:\/\/www.animer.ch\/index.php?rest_route=\/wp\/v2\/pages\/435","targetHints":{"allow":["GET"]}}],"collection":[{"href":"https:\/\/www.animer.ch\/index.php?rest_route=\/wp\/v2\/pages"}],"about":[{"href":"https:\/\/www.animer.ch\/index.php?rest_route=\/wp\/v2\/types\/page"}],"author":[{"embeddable":true,"href":"https:\/\/www.animer.ch\/index.php?rest_route=\/wp\/v2\/users\/1"}],"replies":[{"embeddable":true,"href":"https:\/\/www.animer.ch\/index.php?rest_route=%2Fwp%2Fv2%2Fcomments&post=435"}],"version-history":[{"count":30,"href":"https:\/\/www.animer.ch\/index.php?rest_route=\/wp\/v2\/pages\/435\/revisions"}],"predecessor-version":[{"id":1840,"href":"https:\/\/www.animer.ch\/index.php?rest_route=\/wp\/v2\/pages\/435\/revisions\/1840"}],"wp:attachment":[{"href":"https:\/\/www.animer.ch\/index.php?rest_route=%2Fwp%2Fv2%2Fmedia&parent=435"}],"curies":[{"name":"wp","href":"https:\/\/api.w.org\/{rel}","templated":true}]}}